{"id":1063,"date":"2023-09-26T15:39:27","date_gmt":"2023-09-26T15:39:27","guid":{"rendered":"http:\/\/localhost:8888\/Open-si\/AEPC\/news\/"},"modified":"2023-10-17T14:00:45","modified_gmt":"2023-10-17T14:00:45","slug":"news","status":"publish","type":"page","link":"https:\/\/www.aepcbenin.com\/?page_id=1063&lang=en","title":{"rendered":"News"},"content":{"rendered":"<section class=\"all-news\">\n    <div class=\"the-custom-margin\">\n    <div class=\"category-nav\">\n      <ul class=\"nav\">\n        <li class=\"nav-item\">\n          <a class=\"nav-link active\" href=\"https:\/\/www.aepcbenin.com\/blog\/\">Tous<\/a>\n        <\/li>\n                    <li class=\"nav-item\">\n              <a class=\"nav-link\" href=\"https:\/\/www.aepcbenin.com\/?cat=11\">Communiqu\u00e9<\/a>\n            <\/li>\n                    <li class=\"nav-item\">\n              <a class=\"nav-link\" href=\"https:\/\/www.aepcbenin.com\/?cat=8\">Compte-rendus<\/a>\n            <\/li>\n                    <li class=\"nav-item\">\n              <a class=\"nav-link\" href=\"https:\/\/www.aepcbenin.com\/?cat=6\">Discours<\/a>\n            <\/li>\n                    <li class=\"nav-item\">\n              <a class=\"nav-link\" href=\"https:\/\/www.aepcbenin.com\/?cat=9\">Interviews<\/a>\n            <\/li>\n                    <li class=\"nav-item\">\n              <a class=\"nav-link\" href=\"https:\/\/www.aepcbenin.com\/?cat=12\">Video<\/a>\n            <\/li>\n              <\/ul>\n    <\/div>\n  <\/div>\n  <div class=\"featured-post\">\n    <div class=\"the-custom-margin py-6\">\n\n                        <div class=\"row\">\n            <div class=\"col-12 col-lg-5 me-lg-4\">\n              <div>\n                <img decoding=\"async\" src=\"https:\/\/www.aepcbenin.com\/wp-content\/uploads\/2023\/10\/women-mic.png\" alt=\"\">\n              <\/div>\n            <\/div>\n            <div class=\"col-12 col-lg-5 py-4\">\n              <div class=\"\">\n                <h4><a href=\"https:\/\/www.aepcbenin.com\/?p=986\">L&rsquo;Initiative Carbone B\u00e9nin : Vers un Avenir Durable et D\u00e9carbonis\u00e9<\/a><\/h4>\n                <p>13 Oct 2023<\/p>\n              <\/div>\n            <\/div>\n          <\/div>\n                  <\/div>\n  <\/div>\n\n  <div class=\"blog the-custom-margin\">\n    <div class=\"container p-0\">\n              <div class=\"\">\n                        <div class=\"row mb-4 pt-0 pb-4 blog-card\">\n                <div class=\"col-12 col-lg-3 px-0 blog-card-thumbnail w-40\" style=\"background-image: url(https:\/\/www.aepcbenin.com\/wp-content\/uploads\/2023\/10\/rock.png)\">\n                <\/div>\n                <div class=\"col-12 col-lg-8 mt-4 mt-lg-0 px-4 px-lg-0 ms-lg-3\">\n                  <div class=\"d-flex justify-content-between mb-3\">\n                    <div class=\"blog-card-category\">\n                      Interviews                    <\/div>\n                    <div class=\"blog-card-date\">PUBLI\u00c9 LE octobre 23, 2023<\/div>\n                  <\/div>\n\n                  <h5><a href=\"https:\/\/www.aepcbenin.com\/?p=1262\" class=\"\">Partenariat avec l&rsquo;Union Europ\u00e9enne pour le financement de projets verts<\/a><\/h5>\n                                    <p class=\"blog-card-short-content\">Le B\u00e9nin renforce ses liens avec l&rsquo;Union Europ\u00e9enne dans le domaine de la gestion carbone. Un accord a \u00e9t\u00e9 sign\u00e9 cette semaine, allouant des fonds significatifs pour soutenir des projets\u2026 <\/p>\n                  <p class=\"text-center text-lg-start\"><a class=\"btn-secondary blog-card-link\" href=\"https:\/\/www.aepcbenin.com\/?p=1262\">Lire la suite<\/a><\/p>\n                <\/div>\n              <\/div>\n                                    <div class=\"row mb-4 pt-0 pb-4 blog-card\">\n                <div class=\"col-12 col-lg-3 px-0 blog-card-thumbnail w-40\" style=\"background-image: url(https:\/\/www.aepcbenin.com\/wp-content\/uploads\/2023\/10\/post.png)\">\n                <\/div>\n                <div class=\"col-12 col-lg-8 mt-4 mt-lg-0 px-4 px-lg-0 ms-lg-3\">\n                  <div class=\"d-flex justify-content-between mb-3\">\n                    <div class=\"blog-card-category\">\n                      Communiqu\u00e9                    <\/div>\n                    <div class=\"blog-card-date\">PUBLI\u00c9 LE octobre 23, 2023<\/div>\n                  <\/div>\n\n                  <h5><a href=\"https:\/\/www.aepcbenin.com\/?p=1257\" class=\"\">Les Avantages Inattendus des Projets Carbone pour les Entreprises<\/a><\/h5>\n                                    <p class=\"blog-card-short-content\">Praesent ac sem eget est egestas volutpat. Cras dapibus. Vestibulum facilisis, purus nec pulvinar iaculis, ligula mi congue nunc, vitae euismod ligula urna in dolor. Donec mollis hendrerit risus. Pellentesque\u2026 <\/p>\n                  <p class=\"text-center text-lg-start\"><a class=\"btn-secondary blog-card-link\" href=\"https:\/\/www.aepcbenin.com\/?p=1257\">Lire la suite<\/a><\/p>\n                <\/div>\n              <\/div>\n                                    <div class=\"row mb-4 pt-0 pb-4 blog-card\">\n                <div class=\"col-12 col-lg-3 px-0 blog-card-thumbnail w-40\" style=\"background-image: url(https:\/\/www.aepcbenin.com\/wp-content\/uploads\/2023\/10\/smoke.png)\">\n                <\/div>\n                <div class=\"col-12 col-lg-8 mt-4 mt-lg-0 px-4 px-lg-0 ms-lg-3\">\n                  <div class=\"d-flex justify-content-between mb-3\">\n                    <div class=\"blog-card-category\">\n                      Discours                    <\/div>\n                    <div class=\"blog-card-date\">PUBLI\u00c9 LE octobre 23, 2023<\/div>\n                  <\/div>\n\n                  <h5><a href=\"https:\/\/www.aepcbenin.com\/?p=1252\" class=\"\">Les Cl\u00e9s de la R\u00e9ussite : Promouvoir et Financer des Projets Carbone<\/a><\/h5>\n                                    <p class=\"blog-card-short-content\">Nullam cursus lacinia erat. In turpis. Vivamus consectetuer hendrerit lacus. Cras id dui. Praesent ac sem eget est egestas volutpat. Vestibulum ante ipsum primis in faucibus orci luctus et ultrices\u2026 <\/p>\n                  <p class=\"text-center text-lg-start\"><a class=\"btn-secondary blog-card-link\" href=\"https:\/\/www.aepcbenin.com\/?p=1252\">Lire la suite<\/a><\/p>\n                <\/div>\n              <\/div>\n                                    <div class=\"row mb-4 pt-0 pb-4 blog-card\">\n                <div class=\"col-12 col-lg-3 px-0 blog-card-thumbnail w-40\" style=\"background-image: url(https:\/\/www.aepcbenin.com\/wp-content\/uploads\/2023\/10\/post.png)\">\n                <\/div>\n                <div class=\"col-12 col-lg-8 mt-4 mt-lg-0 px-4 px-lg-0 ms-lg-3\">\n                  <div class=\"d-flex justify-content-between mb-3\">\n                    <div class=\"blog-card-category\">\n                      Communiqu\u00e9                    <\/div>\n                    <div class=\"blog-card-date\">PUBLI\u00c9 LE octobre 10, 2023<\/div>\n                  <\/div>\n\n                  <h5><a href=\"https:\/\/www.aepcbenin.com\/?p=919\" class=\"\">Comment les Projets Carbone Contribuent-ils \u00e0 un Avenir Durable ?<\/a><\/h5>\n                                    <p class=\"blog-card-short-content\">Praesent ac sem eget est egestas volutpat. Cras dapibus. Vestibulum facilisis, purus nec pulvinar iaculis, ligula mi congue nunc, vitae euismod ligula urna in dolor. Donec mollis hendrerit risus. Pellentesque\u2026 <\/p>\n                  <p class=\"text-center text-lg-start\"><a class=\"btn-secondary blog-card-link\" href=\"https:\/\/www.aepcbenin.com\/?p=919\">Lire la suite<\/a><\/p>\n                <\/div>\n              <\/div>\n                                    <div class=\"row mb-4 pt-0 pb-4 blog-card\">\n                <div class=\"col-12 col-lg-3 px-0 blog-card-thumbnail w-40\" style=\"background-image: url(https:\/\/www.aepcbenin.com\/wp-content\/uploads\/2023\/10\/smoke.png)\">\n                <\/div>\n                <div class=\"col-12 col-lg-8 mt-4 mt-lg-0 px-4 px-lg-0 ms-lg-3\">\n                  <div class=\"d-flex justify-content-between mb-3\">\n                    <div class=\"blog-card-category\">\n                      Discours                    <\/div>\n                    <div class=\"blog-card-date\">PUBLI\u00c9 LE octobre 5, 2023<\/div>\n                  <\/div>\n\n                  <h5><a href=\"https:\/\/www.aepcbenin.com\/?p=870\" class=\"\">Mise en place d&rsquo;une plateforme num\u00e9rique pour le suivi des projets carbone<\/a><\/h5>\n                                    <p class=\"blog-card-short-content\">Dans une \u00e8re de digitalisation, le Minist\u00e8re ne reste pas en marge. Une nouvelle plateforme en ligne permettra bient\u00f4t aux citoyens, entreprises et partenaires de suivre en temps r\u00e9el l&rsquo;avancement\u2026 <\/p>\n                  <p class=\"text-center text-lg-start\"><a class=\"btn-secondary blog-card-link\" href=\"https:\/\/www.aepcbenin.com\/?p=870\">Lire la suite<\/a><\/p>\n                <\/div>\n              <\/div>\n                                    <div class=\"row mb-4 pt-0 pb-4 blog-card\">\n                <div class=\"col-12 col-lg-3 px-0 blog-card-thumbnail w-40\" style=\"background-image: url(https:\/\/www.aepcbenin.com\/wp-content\/uploads\/2023\/10\/women-mic.png)\">\n                <\/div>\n                <div class=\"col-12 col-lg-8 mt-4 mt-lg-0 px-4 px-lg-0 ms-lg-3\">\n                  <div class=\"d-flex justify-content-between mb-3\">\n                    <div class=\"blog-card-category\">\n                      Compte-rendus                    <\/div>\n                    <div class=\"blog-card-date\">PUBLI\u00c9 LE octobre 5, 2023<\/div>\n                  <\/div>\n\n                  <h5><a href=\"https:\/\/www.aepcbenin.com\/?p=868\" class=\"\">Inauguration du centre de recherche sur les \u00e9nergies renouvelables \u00e0 Cotonou<\/a><\/h5>\n                                    <p class=\"blog-card-short-content\">Un pas de plus vers la transition \u00e9nerg\u00e9tique ! Le nouveau centre de recherche, financ\u00e9 conjointement par le gouvernement b\u00e9ninois et des partenaires internationaux, ouvrira ses portes \u00e0 Cotonou. Il\u2026 <\/p>\n                  <p class=\"text-center text-lg-start\"><a class=\"btn-secondary blog-card-link\" href=\"https:\/\/www.aepcbenin.com\/?p=868\">Lire la suite<\/a><\/p>\n                <\/div>\n              <\/div>\n                                    <div class=\"row mb-4 pt-0 pb-4 blog-card\">\n                <div class=\"col-12 col-lg-3 px-0 blog-card-thumbnail w-40\" style=\"background-image: url(https:\/\/www.aepcbenin.com\/wp-content\/uploads\/2023\/10\/women-mic.png)\">\n                <\/div>\n                <div class=\"col-12 col-lg-8 mt-4 mt-lg-0 px-4 px-lg-0 ms-lg-3\">\n                  <div class=\"d-flex justify-content-between mb-3\">\n                    <div class=\"blog-card-category\">\n                      Compte-rendus                    <\/div>\n                    <div class=\"blog-card-date\">PUBLI\u00c9 LE octobre 5, 2023<\/div>\n                  <\/div>\n\n                  <h5><a href=\"https:\/\/www.aepcbenin.com\/?p=864\" class=\"\">Formation sur la comptabilit\u00e9 carbone pour les entreprises locales<\/a><\/h5>\n                                    <p class=\"blog-card-short-content\">En collaboration avec des experts internationaux, le Minist\u00e8re a lanc\u00e9 une s\u00e9rie de formations destin\u00e9es aux entreprises b\u00e9ninoises. L&rsquo;objectif est de les sensibiliser \u00e0 l&rsquo;importance de la comptabilit\u00e9 carbone et\u2026 <\/p>\n                  <p class=\"text-center text-lg-start\"><a class=\"btn-secondary blog-card-link\" href=\"https:\/\/www.aepcbenin.com\/?p=864\">Lire la suite<\/a><\/p>\n                <\/div>\n              <\/div>\n                                    <div class=\"row mb-4 pt-0 pb-4 blog-card\">\n                <div class=\"col-12 col-lg-3 px-0 blog-card-thumbnail w-40\" style=\"background-image: url(https:\/\/www.aepcbenin.com\/wp-content\/uploads\/2023\/10\/post.png)\">\n                <\/div>\n                <div class=\"col-12 col-lg-8 mt-4 mt-lg-0 px-4 px-lg-0 ms-lg-3\">\n                  <div class=\"d-flex justify-content-between mb-3\">\n                    <div class=\"blog-card-category\">\n                      Communiqu\u00e9                    <\/div>\n                    <div class=\"blog-card-date\">PUBLI\u00c9 LE octobre 5, 2023<\/div>\n                  <\/div>\n\n                  <h5><a href=\"https:\/\/www.aepcbenin.com\/?p=857\" class=\"\">Le Minist\u00e8re lance le premier projet carbone de reforestation au B\u00e9nin<\/a><\/h5>\n                                    <p class=\"blog-card-short-content\">Le Minist\u00e8re b\u00e9ninois de la Gestion de Projet Carbone a officiellement lanc\u00e9 son initiative phare de reforestation dans la r\u00e9gion de Zou. Ce projet vise \u00e0 replanter plus de 10\u2026 <\/p>\n                  <p class=\"text-center text-lg-start\"><a class=\"btn-secondary blog-card-link\" href=\"https:\/\/www.aepcbenin.com\/?p=857\">Lire la suite<\/a><\/p>\n                <\/div>\n              <\/div>\n                                <div class=\"col-12 mt-5\">\n                      <\/div>\n        <\/div>\n          <\/div>\n  <\/div>\n\n\n<\/section>","protected":false},"excerpt":{"rendered":"","protected":false},"author":1,"featured_media":0,"parent":0,"menu_order":0,"comment_status":"closed","ping_status":"closed","template":"","meta":{"om_disable_all_campaigns":false,"_monsterinsights_skip_tracking":false,"_monsterinsights_sitenote_active":false,"_monsterinsights_sitenote_note":"","_monsterinsights_sitenote_category":0,"_uf_show_specific_survey":0,"_uf_disable_surveys":false,"footnotes":""},"class_list":["post-1063","page","type-page","status-publish","hentry"],"aioseo_notices":[],"yoast_head":"<!-- This site is optimized with the Yoast SEO plugin v23.1 - https:\/\/yoast.com\/wordpress\/plugins\/seo\/ -->\n<title>News - Autorit\u00e9 d&#039;Enregistrement des Projets Carbone<\/title>\n<meta name=\"robots\" content=\"index, follow, max-snippet:-1, max-image-preview:large, max-video-preview:-1\" \/>\n<link rel=\"canonical\" href=\"https:\/\/www.aepcbenin.com\/?page_id=1063&lang=en\" \/>\n<meta property=\"og:locale\" content=\"fr_FR\" \/>\n<meta property=\"og:type\" content=\"article\" \/>\n<meta property=\"og:title\" content=\"News - Autorit\u00e9 d&#039;Enregistrement des Projets Carbone\" \/>\n<meta property=\"og:url\" content=\"https:\/\/www.aepcbenin.com\/?page_id=1063&amp;lang=en\" \/>\n<meta property=\"og:site_name\" content=\"Autorit\u00e9 d&#039;Enregistrement des Projets Carbone\" \/>\n<meta property=\"article:modified_time\" content=\"2023-10-17T14:00:45+00:00\" \/>\n<meta name=\"twitter:card\" content=\"summary_large_image\" \/>\n<script type=\"application\/ld+json\" class=\"yoast-schema-graph\">{\"@context\":\"https:\/\/schema.org\",\"@graph\":[{\"@type\":\"WebPage\",\"@id\":\"https:\/\/www.aepcbenin.com\/?page_id=1063&lang=en\",\"url\":\"https:\/\/www.aepcbenin.com\/?page_id=1063&lang=en\",\"name\":\"News - Autorit\u00e9 d&#039;Enregistrement des Projets Carbone\",\"isPartOf\":{\"@id\":\"https:\/\/www.aepcbenin.com\/#website\"},\"datePublished\":\"2023-09-26T15:39:27+00:00\",\"dateModified\":\"2023-10-17T14:00:45+00:00\",\"breadcrumb\":{\"@id\":\"https:\/\/www.aepcbenin.com\/?page_id=1063&lang=en#breadcrumb\"},\"inLanguage\":\"fr-FR\",\"potentialAction\":[{\"@type\":\"ReadAction\",\"target\":[\"https:\/\/www.aepcbenin.com\/?page_id=1063&lang=en\"]}]},{\"@type\":\"BreadcrumbList\",\"@id\":\"https:\/\/www.aepcbenin.com\/?page_id=1063&lang=en#breadcrumb\",\"itemListElement\":[{\"@type\":\"ListItem\",\"position\":1,\"name\":\"Accueil\",\"item\":\"https:\/\/www.aepcbenin.com\/\"},{\"@type\":\"ListItem\",\"position\":2,\"name\":\"News\"}]},{\"@type\":\"WebSite\",\"@id\":\"https:\/\/www.aepcbenin.com\/#website\",\"url\":\"https:\/\/www.aepcbenin.com\/\",\"name\":\"Autorite Enregistrement des Projets Carbone\",\"description\":\"\",\"publisher\":{\"@id\":\"https:\/\/www.aepcbenin.com\/#organization\"},\"potentialAction\":[{\"@type\":\"SearchAction\",\"target\":{\"@type\":\"EntryPoint\",\"urlTemplate\":\"https:\/\/www.aepcbenin.com\/?s={search_term_string}\"},\"query-input\":\"required name=search_term_string\"}],\"inLanguage\":\"fr-FR\"},{\"@type\":\"Organization\",\"@id\":\"https:\/\/www.aepcbenin.com\/#organization\",\"name\":\"Autorite Enregistrement des Projets Carbone\",\"url\":\"https:\/\/www.aepcbenin.com\/\",\"logo\":{\"@type\":\"ImageObject\",\"inLanguage\":\"fr-FR\",\"@id\":\"https:\/\/www.aepcbenin.com\/#\/schema\/logo\/image\/\",\"url\":\"https:\/\/www.aepcbenin.com\/wp-content\/uploads\/2023\/10\/aepc-icon-1.png\",\"contentUrl\":\"https:\/\/www.aepcbenin.com\/wp-content\/uploads\/2023\/10\/aepc-icon-1.png\",\"width\":512,\"height\":522,\"caption\":\"Autorite Enregistrement des Projets Carbone\"},\"image\":{\"@id\":\"https:\/\/www.aepcbenin.com\/#\/schema\/logo\/image\/\"}}]}<\/script>\n<!-- \/ Yoast SEO plugin. -->","yoast_head_json":{"title":"News - Autorit\u00e9 d&#039;Enregistrement des Projets Carbone","robots":{"index":"index","follow":"follow","max-snippet":"max-snippet:-1","max-image-preview":"max-image-preview:large","max-video-preview":"max-video-preview:-1"},"canonical":"https:\/\/www.aepcbenin.com\/?page_id=1063&lang=en","og_locale":"fr_FR","og_type":"article","og_title":"News - Autorit\u00e9 d&#039;Enregistrement des Projets Carbone","og_url":"https:\/\/www.aepcbenin.com\/?page_id=1063&lang=en","og_site_name":"Autorit\u00e9 d&#039;Enregistrement des Projets Carbone","article_modified_time":"2023-10-17T14:00:45+00:00","twitter_card":"summary_large_image","schema":{"@context":"https:\/\/schema.org","@graph":[{"@type":"WebPage","@id":"https:\/\/www.aepcbenin.com\/?page_id=1063&lang=en","url":"https:\/\/www.aepcbenin.com\/?page_id=1063&lang=en","name":"News - Autorit\u00e9 d&#039;Enregistrement des Projets Carbone","isPartOf":{"@id":"https:\/\/www.aepcbenin.com\/#website"},"datePublished":"2023-09-26T15:39:27+00:00","dateModified":"2023-10-17T14:00:45+00:00","breadcrumb":{"@id":"https:\/\/www.aepcbenin.com\/?page_id=1063&lang=en#breadcrumb"},"inLanguage":"fr-FR","potentialAction":[{"@type":"ReadAction","target":["https:\/\/www.aepcbenin.com\/?page_id=1063&lang=en"]}]},{"@type":"BreadcrumbList","@id":"https:\/\/www.aepcbenin.com\/?page_id=1063&lang=en#breadcrumb","itemListElement":[{"@type":"ListItem","position":1,"name":"Accueil","item":"https:\/\/www.aepcbenin.com\/"},{"@type":"ListItem","position":2,"name":"News"}]},{"@type":"WebSite","@id":"https:\/\/www.aepcbenin.com\/#website","url":"https:\/\/www.aepcbenin.com\/","name":"Autorite Enregistrement des Projets Carbone","description":"","publisher":{"@id":"https:\/\/www.aepcbenin.com\/#organization"},"potentialAction":[{"@type":"SearchAction","target":{"@type":"EntryPoint","urlTemplate":"https:\/\/www.aepcbenin.com\/?s={search_term_string}"},"query-input":"required name=search_term_string"}],"inLanguage":"fr-FR"},{"@type":"Organization","@id":"https:\/\/www.aepcbenin.com\/#organization","name":"Autorite Enregistrement des Projets Carbone","url":"https:\/\/www.aepcbenin.com\/","logo":{"@type":"ImageObject","inLanguage":"fr-FR","@id":"https:\/\/www.aepcbenin.com\/#\/schema\/logo\/image\/","url":"https:\/\/www.aepcbenin.com\/wp-content\/uploads\/2023\/10\/aepc-icon-1.png","contentUrl":"https:\/\/www.aepcbenin.com\/wp-content\/uploads\/2023\/10\/aepc-icon-1.png","width":512,"height":522,"caption":"Autorite Enregistrement des Projets Carbone"},"image":{"@id":"https:\/\/www.aepcbenin.com\/#\/schema\/logo\/image\/"}}]}},"acf":[],"_links":{"self":[{"href":"https:\/\/www.aepcbenin.com\/index.php?rest_route=\/wp\/v2\/pages\/1063","targetHints":{"allow":["GET"]}}],"collection":[{"href":"https:\/\/www.aepcbenin.com\/index.php?rest_route=\/wp\/v2\/pages"}],"about":[{"href":"https:\/\/www.aepcbenin.com\/index.php?rest_route=\/wp\/v2\/types\/page"}],"author":[{"embeddable":true,"href":"https:\/\/www.aepcbenin.com\/index.php?rest_route=\/wp\/v2\/users\/1"}],"replies":[{"embeddable":true,"href":"https:\/\/www.aepcbenin.com\/index.php?rest_route=%2Fwp%2Fv2%2Fcomments&post=1063"}],"version-history":[{"count":2,"href":"https:\/\/www.aepcbenin.com\/index.php?rest_route=\/wp\/v2\/pages\/1063\/revisions"}],"predecessor-version":[{"id":1067,"href":"https:\/\/www.aepcbenin.com\/index.php?rest_route=\/wp\/v2\/pages\/1063\/revisions\/1067"}],"wp:attachment":[{"href":"https:\/\/www.aepcbenin.com\/index.php?rest_route=%2Fwp%2Fv2%2Fmedia&parent=1063"}],"curies":[{"name":"wp","href":"https:\/\/api.w.org\/{rel}","templated":true}]}}